{"id":2496,"date":"2025-01-03T20:40:41","date_gmt":"2025-01-03T20:40:41","guid":{"rendered":"https:\/\/elektriktourist.hu\/?page_id=2496"},"modified":"2025-01-03T22:39:35","modified_gmt":"2025-01-03T22:39:35","slug":"oregko-alapitvany","status":"publish","type":"page","link":"https:\/\/elektriktourist.hu\/en\/oregko-alapitvany\/","title":{"rendered":"\u00d6regk\u0151 Alap\u00edtv\u00e1ny"},"content":{"rendered":"<figure class=\"wp-block-image alignright size-full is-resized\"><img loading=\"lazy\" decoding=\"async\" width=\"321\" height=\"345\" src=\"https:\/\/elektriktourist.hu\/wp-content\/uploads\/2025\/01\/Oregko-Alapitvany-1.png\" alt=\"\" class=\"wp-image-2508\" style=\"object-fit:cover;width:355px;height:auto\" srcset=\"https:\/\/elektriktourist.hu\/wp-content\/uploads\/2025\/01\/Oregko-Alapitvany-1.png 321w, https:\/\/elektriktourist.hu\/wp-content\/uploads\/2025\/01\/Oregko-Alapitvany-1-279x300.png 279w, https:\/\/elektriktourist.hu\/wp-content\/uploads\/2025\/01\/Oregko-Alapitvany-1-11x12.png 11w\" sizes=\"auto, (max-width: 321px) 100vw, 321px\" \/><\/figure>\n\n\n\n<p>Az Alap\u00edtv\u00e1ny c\u00e9lja az eg\u00e9szs\u00e9ges, k\u00f6rnyezettudatos, fenntarthat\u00f3 \u00e9letm\u00f3d, a term\u00e9szet tisztelete, megismer\u00e9se \u00e9s megismertet\u00e9se.&nbsp;<\/p>\n\n\n\n<p>A testi eg\u00e9szs\u00e9ghez kapcsol\u00f3d\u00f3 c\u00e9l az eg\u00e9szs\u00e9ges t\u00e1pl\u00e1lkoz\u00e1s, a min\u0151s\u00e9gi pihen\u00e9s \u00e9s a rendszeres testmozg\u00e1s n\u00e9pszer\u0171s\u00edt\u00e9se, reform \u00e9telek el\u0151\u00e1ll\u00edt\u00e1sa, a testtudat n\u00f6vel\u00e9se, az organikus-regenerat\u00edv mez\u0151gazd\u00e1lkod\u00e1s \u00e9s kert\u00e9szked\u00e9s gyakorl\u00e1sa \u00e9s megismertet\u00e9se a t\u00e1rsadalom sz\u00e9lesebb r\u00e9tegeivel. A lelki eg\u00e9szs\u00e9get az Alap\u00edtv\u00e1ny \u00f6nismereti programok szervez\u00e9s\u00e9vel \u00e9s a lelki \u00e9let gyakorl\u00e1s\u00e1ra alkalmas terek l\u00e9trehoz\u00e1sa \u00e9s m\u0171k\u00f6dtet\u00e9se \u00fatj\u00e1n k\u00edv\u00e1nja t\u00e1mogatni. C\u00e9l a nem \u00fczleti c\u00e9l\u00fa k\u00f6z\u00f6ss\u00e9gi, szabadid\u0151s sz\u00e1ll\u00e1shely-szolg\u00e1ltat\u00e1s.<\/p>\n\n\n\n<p>A fenntarthat\u00f3s\u00e1g jegy\u00e9ben a fogyaszt\u00e1s cs\u00f6kkent\u00e9se, az \u00fajrahasznos\u00edt\u00e1s kiemelt c\u00e9l.<\/p>\n\n\n\n<p>C\u00e9l kultur\u00e1lis, fejleszt\u0151\/ter\u00e1pi\u00e1s, ifj\u00fas\u00e1gi, \u00f6nk\u00e9ntes programok, el\u0151ad\u00e1sok, t\u00far\u00e1k, t\u00e1borok, tr\u00e9ningek \u00e9s tal\u00e1lkoz\u00f3k szervez\u00e9se \u00e9s ilyen programok sz\u00e1m\u00e1ra helysz\u00edn biztos\u00edt\u00e1sa. Az Alap\u00edtv\u00e1ny c\u00e9lja tov\u00e1bb\u00e1 az eddig felsorolt c\u00e9lok k\u00f6r\u00e9 szervez\u0151d\u0151 k\u00f6z\u00f6ss\u00e9g l\u00e9trehoz\u00e1sa.&nbsp;<\/p>\n\n\n\n<div class=\"wp-block-uagb-container uagb-block-815945ad alignfull uagb-is-root-container\"><div class=\"uagb-container-inner-blocks-wrap\">\n<div class=\"wp-block-uagb-container uagb-block-a02866f7\"><\/div>\n<\/div><\/div>\n\n\n\n<p class=\"has-text-align-center\">Az Alap\u00edt\u00f3 Okirat let\u00f6lthet\u0151 <a href=\"https:\/\/docs.google.com\/document\/d\/1iube7WOgpC-KVP1X9c8s_wLDnSLi0zJV\/edit?usp=sharing&amp;ouid=109498857788764306192&amp;rtpof=true&amp;sd=true\" data-type=\"link\" data-id=\"https:\/\/docs.google.com\/document\/d\/1iube7WOgpC-KVP1X9c8s_wLDnSLi0zJV\/edit?usp=sharing&amp;ouid=109498857788764306192&amp;rtpof=true&amp;sd=true\">itt<\/a>.<\/p>\n\n\n\n<div class=\"wp-block-uagb-container uagb-block-80eaaccf alignfull uagb-is-root-container\"><div class=\"uagb-container-inner-blocks-wrap\">\n<p class=\"has-text-align-center\">Az alap\u00edtv\u00e1ny nyitott, ahhoz b\u00e1rmely hazai vagy k\u00fclf\u00f6ldi term\u00e9szetes \u00e9s jogi szem\u00e9ly b\u00e1rmikor csatlakozhat.<\/p>\n\n\n\n<div class=\"wp-block-uagb-container uagb-block-1966051b\"><\/div>\n<\/div><\/div>\n\n\n\n<div class=\"wp-block-uagb-buttons uagb-buttons__outer-wrap uagb-btn__default-btn uagb-btn-tablet__default-btn uagb-btn-mobile__default-btn uagb-block-29c530a2\"><div class=\"uagb-buttons__wrap uagb-buttons-layout-wrap\">\n<div class=\"wp-block-uagb-buttons-child uagb-buttons__outer-wrap uagb-block-a9a3d5c5 wp-block-button\"><div class=\"uagb-button__wrapper\"><a class=\"uagb-buttons-repeater wp-block-button__link\" aria-label=\"\" href=\"https:\/\/forms.gle\/b4Mn2DWxqG6mUexz7\" rel=\"follow noopener\" target=\"_blank\" role=\"button\"><div class=\"uagb-button__link\">Csatlakozom!<\/div><\/a><\/div><\/div>\n<\/div><\/div>\n\n\n\n<div class=\"wp-block-uagb-container uagb-block-a3d25f48 default uagb-is-root-container\">\n<div class=\"wp-block-uagb-container uagb-block-82e02092\">\n<div class=\"wp-block-uagb-container uagb-block-be0ec465\"><\/div>\n<\/div>\n<\/div>","protected":false},"excerpt":{"rendered":"<p>Az Alap\u00edtv\u00e1ny c\u00e9lja az eg\u00e9szs\u00e9ges, k\u00f6rnyezettudatos, fenntarthat\u00f3 \u00e9letm\u00f3d, a term\u00e9szet tisztelete, megismer\u00e9se \u00e9s megismertet\u00e9se.&nbsp; A testi eg\u00e9szs\u00e9ghez kapcsol\u00f3d\u00f3 c\u00e9l az eg\u00e9szs\u00e9ges t\u00e1pl\u00e1lkoz\u00e1s, a min\u0151s\u00e9gi pihen\u00e9s \u00e9s a rendszeres testmozg\u00e1s n\u00e9pszer\u0171s\u00edt\u00e9se, reform \u00e9telek el\u0151\u00e1ll\u00edt\u00e1sa, a testtudat n\u00f6vel\u00e9se, az organikus-regenerat\u00edv mez\u0151gazd\u00e1lkod\u00e1s \u00e9s kert\u00e9szked\u00e9s gyakorl\u00e1sa \u00e9s megismertet\u00e9se a t\u00e1rsadalom sz\u00e9lesebb r\u00e9tegeivel. A lelki eg\u00e9szs\u00e9get az Alap\u00edtv\u00e1ny \u00f6nismereti programok [&hellip;]<\/p>","protected":false},"author":2,"featured_media":0,"parent":0,"menu_order":0,"comment_status":"closed","ping_status":"closed","template":"","meta":{"_uag_custom_page_level_css":"","site-sidebar-layout":"default","site-content-layout":"","ast-site-content-layout":"default","site-content-style":"default","site-sidebar-style":"default","ast-global-header-display":"","ast-banner-title-visibility":"","ast-main-header-display":"","ast-hfb-above-header-display":"","ast-hfb-below-header-display":"","ast-hfb-mobile-header-display":"","site-post-title":"","ast-breadcrumbs-content":"","ast-featured-img":"","footer-sml-layout":"","theme-transparent-header-meta":"","adv-header-id-meta":"","stick-header-meta":"","header-above-stick-meta":"","header-main-stick-meta":"","header-below-stick-meta":"","astra-migrate-meta-layouts":"set","ast-page-background-enabled":"default","ast-page-background-meta":{"desktop":{"background-color":"var(--ast-global-color-4)","background-image":"","background-repeat":"repeat","background-position":"center center","background-size":"auto","background-attachment":"scroll","background-type":"","background-media":"","overlay-type":"","overlay-color":"","overlay-gradient":""},"tablet":{"background-color":"","background-image":"","background-repeat":"repeat","background-position":"center center","background-size":"auto","background-attachment":"scroll","background-type":"","background-media":"","overlay-type":"","overlay-color":"","overlay-gradient":""},"mobile":{"background-color":"","background-image":"","background-repeat":"repeat","background-position":"center center","background-size":"auto","background-attachment":"scroll","background-type":"","background-media":"","overlay-type":"","overlay-color":"","overlay-gradient":""}},"ast-content-background-meta":{"desktop":{"background-color":"var(--ast-global-color-5)","background-image":"","background-repeat":"repeat","background-position":"center center","background-size":"auto","background-attachment":"scroll","background-type":"","background-media":"","overlay-type":"","overlay-color":"","overlay-gradient":""},"tablet":{"background-color":"var(--ast-global-color-5)","background-image":"","background-repeat":"repeat","background-position":"center center","background-size":"auto","background-attachment":"scroll","background-type":"","background-media":"","overlay-type":"","overlay-color":"","overlay-gradient":""},"mobile":{"background-color":"var(--ast-global-color-5)","background-image":"","background-repeat":"repeat","background-position":"center center","background-size":"auto","background-attachment":"scroll","background-type":"","background-media":"","overlay-type":"","overlay-color":"","overlay-gradient":""}},"footnotes":""},"class_list":["post-2496","page","type-page","status-publish","hentry"],"yoast_head":"<!-- This site is optimized with the Yoast SEO plugin v24.9 - https:\/\/yoast.com\/wordpress\/plugins\/seo\/ -->\n<title>\u00d6regk\u0151 Alap\u00edtv\u00e1ny - elektriktourist.hu<\/title>\n<meta name=\"robots\" content=\"index, follow, max-snippet:-1, max-image-preview:large, max-video-preview:-1\" \/>\n<link rel=\"canonical\" href=\"https:\/\/elektriktourist.hu\/en\/oregko-alapitvany\/\" \/>\n<meta property=\"og:locale\" content=\"en_US\" \/>\n<meta property=\"og:type\" content=\"article\" \/>\n<meta property=\"og:title\" content=\"\u00d6regk\u0151 Alap\u00edtv\u00e1ny - elektriktourist.hu\" \/>\n<meta property=\"og:description\" content=\"Az Alap\u00edtv\u00e1ny c\u00e9lja az eg\u00e9szs\u00e9ges, k\u00f6rnyezettudatos, fenntarthat\u00f3 \u00e9letm\u00f3d, a term\u00e9szet tisztelete, megismer\u00e9se \u00e9s megismertet\u00e9se.&nbsp; A testi eg\u00e9szs\u00e9ghez kapcsol\u00f3d\u00f3 c\u00e9l az eg\u00e9szs\u00e9ges t\u00e1pl\u00e1lkoz\u00e1s, a min\u0151s\u00e9gi pihen\u00e9s \u00e9s a rendszeres testmozg\u00e1s n\u00e9pszer\u0171s\u00edt\u00e9se, reform \u00e9telek el\u0151\u00e1ll\u00edt\u00e1sa, a testtudat n\u00f6vel\u00e9se, az organikus-regenerat\u00edv mez\u0151gazd\u00e1lkod\u00e1s \u00e9s kert\u00e9szked\u00e9s gyakorl\u00e1sa \u00e9s megismertet\u00e9se a t\u00e1rsadalom sz\u00e9lesebb r\u00e9tegeivel. A lelki eg\u00e9szs\u00e9get az Alap\u00edtv\u00e1ny \u00f6nismereti programok [&hellip;]\" \/>\n<meta property=\"og:url\" content=\"https:\/\/elektriktourist.hu\/en\/oregko-alapitvany\/\" \/>\n<meta property=\"og:site_name\" content=\"elektriktourist.hu\" \/>\n<meta property=\"article:publisher\" content=\"https:\/\/www.facebook.com\/elektriktourist\" \/>\n<meta property=\"article:modified_time\" content=\"2025-01-03T22:39:35+00:00\" \/>\n<meta property=\"og:image\" content=\"https:\/\/elektriktourist.hu\/wp-content\/uploads\/2025\/01\/Oregko-Alapitvany-1.png\" \/>\n<meta name=\"twitter:card\" content=\"summary_large_image\" \/>\n<meta name=\"twitter:label1\" content=\"Est. reading time\" \/>\n\t<meta name=\"twitter:data1\" content=\"1 minute\" \/>\n<script type=\"application\/ld+json\" class=\"yoast-schema-graph\">{\"@context\":\"https:\/\/schema.org\",\"@graph\":[{\"@type\":\"WebPage\",\"@id\":\"http:\/\/elektriktourist.hu\/oregko-alapitvany\/\",\"url\":\"http:\/\/elektriktourist.hu\/oregko-alapitvany\/\",\"name\":\"\u00d6regk\u0151 Alap\u00edtv\u00e1ny - elektriktourist.hu\",\"isPartOf\":{\"@id\":\"http:\/\/elektriktourist.hu\/#website\"},\"primaryImageOfPage\":{\"@id\":\"http:\/\/elektriktourist.hu\/oregko-alapitvany\/#primaryimage\"},\"image\":{\"@id\":\"http:\/\/elektriktourist.hu\/oregko-alapitvany\/#primaryimage\"},\"thumbnailUrl\":\"https:\/\/elektriktourist.hu\/wp-content\/uploads\/2025\/01\/Oregko-Alapitvany-1.png\",\"datePublished\":\"2025-01-03T20:40:41+00:00\",\"dateModified\":\"2025-01-03T22:39:35+00:00\",\"breadcrumb\":{\"@id\":\"http:\/\/elektriktourist.hu\/oregko-alapitvany\/#breadcrumb\"},\"inLanguage\":\"en-US\",\"potentialAction\":[{\"@type\":\"ReadAction\",\"target\":[\"http:\/\/elektriktourist.hu\/oregko-alapitvany\/\"]}]},{\"@type\":\"ImageObject\",\"inLanguage\":\"en-US\",\"@id\":\"http:\/\/elektriktourist.hu\/oregko-alapitvany\/#primaryimage\",\"url\":\"https:\/\/elektriktourist.hu\/wp-content\/uploads\/2025\/01\/Oregko-Alapitvany-1.png\",\"contentUrl\":\"https:\/\/elektriktourist.hu\/wp-content\/uploads\/2025\/01\/Oregko-Alapitvany-1.png\"},{\"@type\":\"BreadcrumbList\",\"@id\":\"http:\/\/elektriktourist.hu\/oregko-alapitvany\/#breadcrumb\",\"itemListElement\":[{\"@type\":\"ListItem\",\"position\":1,\"name\":\"Kezd\u0151lap\",\"item\":\"http:\/\/elektriktourist.hu\/\"},{\"@type\":\"ListItem\",\"position\":2,\"name\":\"\u00d6regk\u0151 Alap\u00edtv\u00e1ny\"}]},{\"@type\":\"WebSite\",\"@id\":\"http:\/\/elektriktourist.hu\/#website\",\"url\":\"http:\/\/elektriktourist.hu\/\",\"name\":\"elektriktourist.hu\",\"description\":\"\",\"publisher\":{\"@id\":\"http:\/\/elektriktourist.hu\/#organization\"},\"potentialAction\":[{\"@type\":\"SearchAction\",\"target\":{\"@type\":\"EntryPoint\",\"urlTemplate\":\"http:\/\/elektriktourist.hu\/?s={search_term_string}\"},\"query-input\":{\"@type\":\"PropertyValueSpecification\",\"valueRequired\":true,\"valueName\":\"search_term_string\"}}],\"inLanguage\":\"en-US\"},{\"@type\":\"Organization\",\"@id\":\"http:\/\/elektriktourist.hu\/#organization\",\"name\":\"elektriktourist.hu\",\"url\":\"http:\/\/elektriktourist.hu\/\",\"logo\":{\"@type\":\"ImageObject\",\"inLanguage\":\"en-US\",\"@id\":\"http:\/\/elektriktourist.hu\/#\/schema\/logo\/image\/\",\"url\":\"https:\/\/elektriktourist.hu\/wp-content\/uploads\/2025\/03\/Elektrik-tourist-transp.png\",\"contentUrl\":\"https:\/\/elektriktourist.hu\/wp-content\/uploads\/2025\/03\/Elektrik-tourist-transp.png\",\"width\":353,\"height\":354,\"caption\":\"elektriktourist.hu\"},\"image\":{\"@id\":\"http:\/\/elektriktourist.hu\/#\/schema\/logo\/image\/\"},\"sameAs\":[\"https:\/\/www.facebook.com\/elektriktourist\"]}]}<\/script>\n<!-- \/ Yoast SEO plugin. -->","yoast_head_json":{"title":"\u00d6regk\u0151 Alap\u00edtv\u00e1ny - elektriktourist.hu","robots":{"index":"index","follow":"follow","max-snippet":"max-snippet:-1","max-image-preview":"max-image-preview:large","max-video-preview":"max-video-preview:-1"},"canonical":"https:\/\/elektriktourist.hu\/en\/oregko-alapitvany\/","og_locale":"en_US","og_type":"article","og_title":"\u00d6regk\u0151 Alap\u00edtv\u00e1ny - elektriktourist.hu","og_description":"Az Alap\u00edtv\u00e1ny c\u00e9lja az eg\u00e9szs\u00e9ges, k\u00f6rnyezettudatos, fenntarthat\u00f3 \u00e9letm\u00f3d, a term\u00e9szet tisztelete, megismer\u00e9se \u00e9s megismertet\u00e9se.&nbsp; A testi eg\u00e9szs\u00e9ghez kapcsol\u00f3d\u00f3 c\u00e9l az eg\u00e9szs\u00e9ges t\u00e1pl\u00e1lkoz\u00e1s, a min\u0151s\u00e9gi pihen\u00e9s \u00e9s a rendszeres testmozg\u00e1s n\u00e9pszer\u0171s\u00edt\u00e9se, reform \u00e9telek el\u0151\u00e1ll\u00edt\u00e1sa, a testtudat n\u00f6vel\u00e9se, az organikus-regenerat\u00edv mez\u0151gazd\u00e1lkod\u00e1s \u00e9s kert\u00e9szked\u00e9s gyakorl\u00e1sa \u00e9s megismertet\u00e9se a t\u00e1rsadalom sz\u00e9lesebb r\u00e9tegeivel. A lelki eg\u00e9szs\u00e9get az Alap\u00edtv\u00e1ny \u00f6nismereti programok [&hellip;]","og_url":"https:\/\/elektriktourist.hu\/en\/oregko-alapitvany\/","og_site_name":"elektriktourist.hu","article_publisher":"https:\/\/www.facebook.com\/elektriktourist","article_modified_time":"2025-01-03T22:39:35+00:00","og_image":[{"url":"https:\/\/elektriktourist.hu\/wp-content\/uploads\/2025\/01\/Oregko-Alapitvany-1.png","type":"","width":"","height":""}],"twitter_card":"summary_large_image","twitter_misc":{"Est. reading time":"1 minute"},"schema":{"@context":"https:\/\/schema.org","@graph":[{"@type":"WebPage","@id":"http:\/\/elektriktourist.hu\/oregko-alapitvany\/","url":"http:\/\/elektriktourist.hu\/oregko-alapitvany\/","name":"\u00d6regk\u0151 Alap\u00edtv\u00e1ny - elektriktourist.hu","isPartOf":{"@id":"http:\/\/elektriktourist.hu\/#website"},"primaryImageOfPage":{"@id":"http:\/\/elektriktourist.hu\/oregko-alapitvany\/#primaryimage"},"image":{"@id":"http:\/\/elektriktourist.hu\/oregko-alapitvany\/#primaryimage"},"thumbnailUrl":"https:\/\/elektriktourist.hu\/wp-content\/uploads\/2025\/01\/Oregko-Alapitvany-1.png","datePublished":"2025-01-03T20:40:41+00:00","dateModified":"2025-01-03T22:39:35+00:00","breadcrumb":{"@id":"http:\/\/elektriktourist.hu\/oregko-alapitvany\/#breadcrumb"},"inLanguage":"en-US","potentialAction":[{"@type":"ReadAction","target":["http:\/\/elektriktourist.hu\/oregko-alapitvany\/"]}]},{"@type":"ImageObject","inLanguage":"en-US","@id":"http:\/\/elektriktourist.hu\/oregko-alapitvany\/#primaryimage","url":"https:\/\/elektriktourist.hu\/wp-content\/uploads\/2025\/01\/Oregko-Alapitvany-1.png","contentUrl":"https:\/\/elektriktourist.hu\/wp-content\/uploads\/2025\/01\/Oregko-Alapitvany-1.png"},{"@type":"BreadcrumbList","@id":"http:\/\/elektriktourist.hu\/oregko-alapitvany\/#breadcrumb","itemListElement":[{"@type":"ListItem","position":1,"name":"Kezd\u0151lap","item":"http:\/\/elektriktourist.hu\/"},{"@type":"ListItem","position":2,"name":"\u00d6regk\u0151 Alap\u00edtv\u00e1ny"}]},{"@type":"WebSite","@id":"http:\/\/elektriktourist.hu\/#website","url":"http:\/\/elektriktourist.hu\/","name":"elektriktourist.hu","description":"","publisher":{"@id":"http:\/\/elektriktourist.hu\/#organization"},"potentialAction":[{"@type":"SearchAction","target":{"@type":"EntryPoint","urlTemplate":"http:\/\/elektriktourist.hu\/?s={search_term_string}"},"query-input":{"@type":"PropertyValueSpecification","valueRequired":true,"valueName":"search_term_string"}}],"inLanguage":"en-US"},{"@type":"Organization","@id":"http:\/\/elektriktourist.hu\/#organization","name":"elektriktourist.hu","url":"http:\/\/elektriktourist.hu\/","logo":{"@type":"ImageObject","inLanguage":"en-US","@id":"http:\/\/elektriktourist.hu\/#\/schema\/logo\/image\/","url":"https:\/\/elektriktourist.hu\/wp-content\/uploads\/2025\/03\/Elektrik-tourist-transp.png","contentUrl":"https:\/\/elektriktourist.hu\/wp-content\/uploads\/2025\/03\/Elektrik-tourist-transp.png","width":353,"height":354,"caption":"elektriktourist.hu"},"image":{"@id":"http:\/\/elektriktourist.hu\/#\/schema\/logo\/image\/"},"sameAs":["https:\/\/www.facebook.com\/elektriktourist"]}]}},"uagb_featured_image_src":{"full":false,"thumbnail":false,"medium":false,"medium_large":false,"large":false,"1536x1536":false,"2048x2048":false,"trp-custom-language-flag":false},"uagb_author_info":{"display_name":"Faltay L\u00e1szl\u00f3","author_link":"https:\/\/elektriktourist.hu\/en\/author\/bajotimenedek\/"},"uagb_comment_info":0,"uagb_excerpt":"Az Alap\u00edtv\u00e1ny c\u00e9lja az eg\u00e9szs\u00e9ges, k\u00f6rnyezettudatos, fenntarthat\u00f3 \u00e9letm\u00f3d, a term\u00e9szet tisztelete, megismer\u00e9se \u00e9s megismertet\u00e9se.&nbsp; A testi eg\u00e9szs\u00e9ghez kapcsol\u00f3d\u00f3 c\u00e9l az eg\u00e9szs\u00e9ges t\u00e1pl\u00e1lkoz\u00e1s, a min\u0151s\u00e9gi pihen\u00e9s \u00e9s a rendszeres testmozg\u00e1s n\u00e9pszer\u0171s\u00edt\u00e9se, reform \u00e9telek el\u0151\u00e1ll\u00edt\u00e1sa, a testtudat n\u00f6vel\u00e9se, az organikus-regenerat\u00edv mez\u0151gazd\u00e1lkod\u00e1s \u00e9s kert\u00e9szked\u00e9s gyakorl\u00e1sa \u00e9s megismertet\u00e9se a t\u00e1rsadalom sz\u00e9lesebb r\u00e9tegeivel. A lelki eg\u00e9szs\u00e9get az Alap\u00edtv\u00e1ny \u00f6nismereti programok&hellip;","_links":{"self":[{"href":"https:\/\/elektriktourist.hu\/en\/wp-json\/wp\/v2\/pages\/2496","targetHints":{"allow":["GET"]}}],"collection":[{"href":"https:\/\/elektriktourist.hu\/en\/wp-json\/wp\/v2\/pages"}],"about":[{"href":"https:\/\/elektriktourist.hu\/en\/wp-json\/wp\/v2\/types\/page"}],"author":[{"embeddable":true,"href":"https:\/\/elektriktourist.hu\/en\/wp-json\/wp\/v2\/users\/2"}],"replies":[{"embeddable":true,"href":"https:\/\/elektriktourist.hu\/en\/wp-json\/wp\/v2\/comments?post=2496"}],"version-history":[{"count":6,"href":"https:\/\/elektriktourist.hu\/en\/wp-json\/wp\/v2\/pages\/2496\/revisions"}],"predecessor-version":[{"id":2509,"href":"https:\/\/elektriktourist.hu\/en\/wp-json\/wp\/v2\/pages\/2496\/revisions\/2509"}],"wp:attachment":[{"href":"https:\/\/elektriktourist.hu\/en\/wp-json\/wp\/v2\/media?parent=2496"}],"curies":[{"name":"wp","href":"https:\/\/api.w.org\/{rel}","templated":true}]}}