{"id":1976,"date":"2024-05-05T12:02:33","date_gmt":"2024-05-05T12:02:33","guid":{"rendered":"https:\/\/elektriktourist.hu\/?page_id=1976"},"modified":"2024-12-04T18:40:05","modified_gmt":"2024-12-04T18:40:05","slug":"befogadoter-es-elvonulohely","status":"publish","type":"page","link":"https:\/\/elektriktourist.hu\/en\/befogadoter-es-elvonulohely\/","title":{"rendered":"Befogad\u00f3t\u00e9r \u00e9s elvonul\u00f3hely"},"content":{"rendered":"<p><\/p>\n\n\n\n<div class=\"wp-block-columns is-layout-flex wp-container-core-columns-is-layout-28f84493 wp-block-columns-is-layout-flex\">\n<div class=\"wp-block-column is-layout-flow wp-block-column-is-layout-flow\">\n<figure class=\"wp-block-image size-large\"><img loading=\"lazy\" decoding=\"async\" width=\"876\" height=\"1024\" src=\"http:\/\/elektriktourist.hu\/wp-content\/uploads\/2024\/11\/20241117_104615s-876x1024.jpg\" alt=\"\" class=\"wp-image-2437\" srcset=\"https:\/\/elektriktourist.hu\/wp-content\/uploads\/2024\/11\/20241117_104615s-876x1024.jpg 876w, https:\/\/elektriktourist.hu\/wp-content\/uploads\/2024\/11\/20241117_104615s-257x300.jpg 257w, https:\/\/elektriktourist.hu\/wp-content\/uploads\/2024\/11\/20241117_104615s-768x898.jpg 768w, https:\/\/elektriktourist.hu\/wp-content\/uploads\/2024\/11\/20241117_104615s-1314x1536.jpg 1314w, https:\/\/elektriktourist.hu\/wp-content\/uploads\/2024\/11\/20241117_104615s-1751x2048.jpg 1751w, https:\/\/elektriktourist.hu\/wp-content\/uploads\/2024\/11\/20241117_104615s-10x12.jpg 10w\" sizes=\"auto, (max-width: 876px) 100vw, 876px\" \/><\/figure>\n<\/div>\n\n\n\n<div class=\"wp-block-column is-layout-flow wp-block-column-is-layout-flow\">\n<p>K\u00f6z\u00f6ss\u00e9g\u00fcnk \u00f6t \u00e9ve fejleszti a h\u00e1zat \u00e9s az azt k\u00f6r\u00fcl\u00f6lel\u0151 tereket, ezalatt sz\u00e1mtalan rendezv\u00e9ny, elvonul\u00e1s, \u00f6nk\u00e9ntesprogram \u00e9s koncert zajlott le benn\u00fck. Ezek a tapasztalatok seg\u00edts\u00e9g\u00e9vel nap mint nap igyeksz\u00fcnk a term\u00e9szetk\u00f6zelis\u00e9g var\u00e1zs\u00e1t \u00e9s az otthon meleg\u00e9t vend\u00e9geinknek is \u00e1tadni.<\/p>\n\n\n\n<p>Van egy t\u00e9m\u00e1d, ami ak\u00e1r m\u00e9g a tudatoss\u00e1ghoz is kapcsol\u00f3dik?<\/p>\n\n\n\n<p>Seg\u00edt\u00fcnk megszervezni az \u00f6nfejleszt\u00e9s, j\u00f3ga, medit\u00e1ci\u00f3, eg\u00e9szs\u00e9ges \u00e9letm\u00f3d, spiritualit\u00e1s, sport tematik\u00e1j\u00fa k\u00f6z\u00f6ss\u00e9gi \u00f6sszej\u00f6veteleket.<\/p>\n\n\n\n<p>Mi helyet teremt\u00fcnk neki.<\/p>\n\n\n\n<p>A h\u00e1zban \u00e9s a szomsz\u00e9ds\u00e1gban ak\u00e1r 30 embert is el tudunk sz\u00e1ll\u00e1solni, nem is besz\u00e9lve a h\u00e1z k\u00f6r\u00fcli s\u00e1traz\u00e1si lehet\u0151s\u00e9gekr\u0151l.<\/p>\n\n\n\n<p>A j\u00f3l felszerelt konyh\u00e1nk a n\u00f6v\u00e9nyalap\u00fa gasztron\u00f3mia remekeit szolg\u00e1ltatja.<\/p>\n\n\n\n<div class=\"wp-block-uagb-buttons uagb-buttons__outer-wrap uagb-btn__default-btn uagb-btn-tablet__default-btn uagb-btn-mobile__default-btn uagb-block-29c530a2\"><div class=\"uagb-buttons__wrap uagb-buttons-layout-wrap\">\n<div class=\"wp-block-uagb-buttons-child uagb-buttons__outer-wrap uagb-block-a9a3d5c5 wp-block-button\"><div class=\"uagb-button__wrapper\"><a class=\"uagb-buttons-repeater wp-block-button__link\" aria-label=\"\" href=\"https:\/\/forms.gle\/b4Mn2DWxqG6mUexz7\" rel=\"follow noopener\" target=\"_blank\" role=\"button\"><div class=\"uagb-button__link\">foglal\u00e1s >><\/div><\/a><\/div><\/div>\n<\/div><\/div>\n<\/div>\n<\/div>\n\n\n\n<p><\/p>\n\n\n\n<figure class=\"wp-block-image size-large\"><img loading=\"lazy\" decoding=\"async\" width=\"1024\" height=\"682\" src=\"https:\/\/elektriktourist.hu\/wp-content\/uploads\/2024\/07\/20240606ElektrikTourist-142-of-262-1024x682.jpg\" alt=\"\" class=\"wp-image-2415\" srcset=\"https:\/\/elektriktourist.hu\/wp-content\/uploads\/2024\/07\/20240606ElektrikTourist-142-of-262-1024x682.jpg 1024w, https:\/\/elektriktourist.hu\/wp-content\/uploads\/2024\/07\/20240606ElektrikTourist-142-of-262-300x200.jpg 300w, https:\/\/elektriktourist.hu\/wp-content\/uploads\/2024\/07\/20240606ElektrikTourist-142-of-262-768x512.jpg 768w, https:\/\/elektriktourist.hu\/wp-content\/uploads\/2024\/07\/20240606ElektrikTourist-142-of-262-1536x1024.jpg 1536w, https:\/\/elektriktourist.hu\/wp-content\/uploads\/2024\/07\/20240606ElektrikTourist-142-of-262-18x12.jpg 18w, https:\/\/elektriktourist.hu\/wp-content\/uploads\/2024\/07\/20240606ElektrikTourist-142-of-262.jpg 2000w\" sizes=\"auto, (max-width: 1024px) 100vw, 1024px\" \/><\/figure>\n\n\n\n<p><\/p>\n\n\n\n<div style=\"height:32px\" aria-hidden=\"true\" class=\"wp-block-spacer\"><\/div>\n\n\n\n<p class=\"has-text-align-center has-medium-font-size\"><\/p>","protected":false},"excerpt":{"rendered":"<p>K\u00f6z\u00f6ss\u00e9g\u00fcnk \u00f6t \u00e9ve fejleszti a h\u00e1zat \u00e9s az azt k\u00f6r\u00fcl\u00f6lel\u0151 tereket, ezalatt sz\u00e1mtalan rendezv\u00e9ny, elvonul\u00e1s, \u00f6nk\u00e9ntesprogram \u00e9s koncert zajlott le benn\u00fck. Ezek a tapasztalatok seg\u00edts\u00e9g\u00e9vel nap mint nap igyeksz\u00fcnk a term\u00e9szetk\u00f6zelis\u00e9g var\u00e1zs\u00e1t \u00e9s az otthon meleg\u00e9t vend\u00e9geinknek is \u00e1tadni. Van egy t\u00e9m\u00e1d, ami ak\u00e1r m\u00e9g a tudatoss\u00e1ghoz is kapcsol\u00f3dik? Seg\u00edt\u00fcnk megszervezni az \u00f6nfejleszt\u00e9s, j\u00f3ga, medit\u00e1ci\u00f3, [&hellip;]<\/p>","protected":false},"author":2,"featured_media":0,"parent":0,"menu_order":0,"comment_status":"closed","ping_status":"closed","template":"","meta":{"_uag_custom_page_level_css":"","site-sidebar-layout":"default","site-content-layout":"","ast-site-content-layout":"default","site-content-style":"default","site-sidebar-style":"default","ast-global-header-display":"","ast-banner-title-visibility":"","ast-main-header-display":"","ast-hfb-above-header-display":"","ast-hfb-below-header-display":"","ast-hfb-mobile-header-display":"","site-post-title":"","ast-breadcrumbs-content":"","ast-featured-img":"","footer-sml-layout":"","theme-transparent-header-meta":"","adv-header-id-meta":"","stick-header-meta":"","header-above-stick-meta":"","header-main-stick-meta":"","header-below-stick-meta":"","astra-migrate-meta-layouts":"set","ast-page-background-enabled":"default","ast-page-background-meta":{"desktop":{"background-color":"var(--ast-global-color-4)","background-image":"","background-repeat":"repeat","background-position":"center center","background-size":"auto","background-attachment":"scroll","background-type":"","background-media":"","overlay-type":"","overlay-color":"","overlay-gradient":""},"tablet":{"background-color":"","background-image":"","background-repeat":"repeat","background-position":"center center","background-size":"auto","background-attachment":"scroll","background-type":"","background-media":"","overlay-type":"","overlay-color":"","overlay-gradient":""},"mobile":{"background-color":"","background-image":"","background-repeat":"repeat","background-position":"center center","background-size":"auto","background-attachment":"scroll","background-type":"","background-media":"","overlay-type":"","overlay-color":"","overlay-gradient":""}},"ast-content-background-meta":{"desktop":{"background-color":"var(--ast-global-color-5)","background-image":"","background-repeat":"repeat","background-position":"center center","background-size":"auto","background-attachment":"scroll","background-type":"","background-media":"","overlay-type":"","overlay-color":"","overlay-gradient":""},"tablet":{"background-color":"var(--ast-global-color-5)","background-image":"","background-repeat":"repeat","background-position":"center center","background-size":"auto","background-attachment":"scroll","background-type":"","background-media":"","overlay-type":"","overlay-color":"","overlay-gradient":""},"mobile":{"background-color":"var(--ast-global-color-5)","background-image":"","background-repeat":"repeat","background-position":"center center","background-size":"auto","background-attachment":"scroll","background-type":"","background-media":"","overlay-type":"","overlay-color":"","overlay-gradient":""}},"footnotes":""},"class_list":["post-1976","page","type-page","status-publish","hentry"],"yoast_head":"<!-- This site is optimized with the Yoast SEO plugin v24.9 - https:\/\/yoast.com\/wordpress\/plugins\/seo\/ -->\n<title>Befogad\u00f3t\u00e9r \u00e9s elvonul\u00f3hely - elektriktourist.hu<\/title>\n<meta name=\"robots\" content=\"index, follow, max-snippet:-1, max-image-preview:large, max-video-preview:-1\" \/>\n<link rel=\"canonical\" href=\"https:\/\/elektriktourist.hu\/en\/befogadoter-es-elvonulohely\/\" \/>\n<meta property=\"og:locale\" content=\"en_US\" \/>\n<meta property=\"og:type\" content=\"article\" \/>\n<meta property=\"og:title\" content=\"Befogad\u00f3t\u00e9r \u00e9s elvonul\u00f3hely - elektriktourist.hu\" \/>\n<meta property=\"og:description\" content=\"K\u00f6z\u00f6ss\u00e9g\u00fcnk \u00f6t \u00e9ve fejleszti a h\u00e1zat \u00e9s az azt k\u00f6r\u00fcl\u00f6lel\u0151 tereket, ezalatt sz\u00e1mtalan rendezv\u00e9ny, elvonul\u00e1s, \u00f6nk\u00e9ntesprogram \u00e9s koncert zajlott le benn\u00fck. Ezek a tapasztalatok seg\u00edts\u00e9g\u00e9vel nap mint nap igyeksz\u00fcnk a term\u00e9szetk\u00f6zelis\u00e9g var\u00e1zs\u00e1t \u00e9s az otthon meleg\u00e9t vend\u00e9geinknek is \u00e1tadni. Van egy t\u00e9m\u00e1d, ami ak\u00e1r m\u00e9g a tudatoss\u00e1ghoz is kapcsol\u00f3dik? Seg\u00edt\u00fcnk megszervezni az \u00f6nfejleszt\u00e9s, j\u00f3ga, medit\u00e1ci\u00f3, [&hellip;]\" \/>\n<meta property=\"og:url\" content=\"https:\/\/elektriktourist.hu\/en\/befogadoter-es-elvonulohely\/\" \/>\n<meta property=\"og:site_name\" content=\"elektriktourist.hu\" \/>\n<meta property=\"article:publisher\" content=\"https:\/\/www.facebook.com\/elektriktourist\" \/>\n<meta property=\"article:modified_time\" content=\"2024-12-04T18:40:05+00:00\" \/>\n<meta property=\"og:image\" content=\"http:\/\/elektriktourist.hu\/wp-content\/uploads\/2024\/11\/20241117_104615s-876x1024.jpg\" \/>\n<meta name=\"twitter:card\" content=\"summary_large_image\" \/>\n<meta name=\"twitter:label1\" content=\"Est. reading time\" \/>\n\t<meta name=\"twitter:data1\" content=\"1 minute\" \/>\n<script type=\"application\/ld+json\" class=\"yoast-schema-graph\">{\"@context\":\"https:\/\/schema.org\",\"@graph\":[{\"@type\":\"WebPage\",\"@id\":\"http:\/\/elektriktourist.hu\/befogadoter-es-elvonulohely\/\",\"url\":\"http:\/\/elektriktourist.hu\/befogadoter-es-elvonulohely\/\",\"name\":\"Befogad\u00f3t\u00e9r \u00e9s elvonul\u00f3hely - elektriktourist.hu\",\"isPartOf\":{\"@id\":\"http:\/\/elektriktourist.hu\/#website\"},\"primaryImageOfPage\":{\"@id\":\"http:\/\/elektriktourist.hu\/befogadoter-es-elvonulohely\/#primaryimage\"},\"image\":{\"@id\":\"http:\/\/elektriktourist.hu\/befogadoter-es-elvonulohely\/#primaryimage\"},\"thumbnailUrl\":\"http:\/\/elektriktourist.hu\/wp-content\/uploads\/2024\/11\/20241117_104615s-876x1024.jpg\",\"datePublished\":\"2024-05-05T12:02:33+00:00\",\"dateModified\":\"2024-12-04T18:40:05+00:00\",\"breadcrumb\":{\"@id\":\"http:\/\/elektriktourist.hu\/befogadoter-es-elvonulohely\/#breadcrumb\"},\"inLanguage\":\"en-US\",\"potentialAction\":[{\"@type\":\"ReadAction\",\"target\":[\"http:\/\/elektriktourist.hu\/befogadoter-es-elvonulohely\/\"]}]},{\"@type\":\"ImageObject\",\"inLanguage\":\"en-US\",\"@id\":\"http:\/\/elektriktourist.hu\/befogadoter-es-elvonulohely\/#primaryimage\",\"url\":\"http:\/\/elektriktourist.hu\/wp-content\/uploads\/2024\/11\/20241117_104615s-876x1024.jpg\",\"contentUrl\":\"http:\/\/elektriktourist.hu\/wp-content\/uploads\/2024\/11\/20241117_104615s-876x1024.jpg\"},{\"@type\":\"BreadcrumbList\",\"@id\":\"http:\/\/elektriktourist.hu\/befogadoter-es-elvonulohely\/#breadcrumb\",\"itemListElement\":[{\"@type\":\"ListItem\",\"position\":1,\"name\":\"Kezd\u0151lap\",\"item\":\"http:\/\/elektriktourist.hu\/\"},{\"@type\":\"ListItem\",\"position\":2,\"name\":\"Befogad\u00f3t\u00e9r \u00e9s elvonul\u00f3hely\"}]},{\"@type\":\"WebSite\",\"@id\":\"http:\/\/elektriktourist.hu\/#website\",\"url\":\"http:\/\/elektriktourist.hu\/\",\"name\":\"elektriktourist.hu\",\"description\":\"\",\"publisher\":{\"@id\":\"http:\/\/elektriktourist.hu\/#organization\"},\"potentialAction\":[{\"@type\":\"SearchAction\",\"target\":{\"@type\":\"EntryPoint\",\"urlTemplate\":\"http:\/\/elektriktourist.hu\/?s={search_term_string}\"},\"query-input\":{\"@type\":\"PropertyValueSpecification\",\"valueRequired\":true,\"valueName\":\"search_term_string\"}}],\"inLanguage\":\"en-US\"},{\"@type\":\"Organization\",\"@id\":\"http:\/\/elektriktourist.hu\/#organization\",\"name\":\"elektriktourist.hu\",\"url\":\"http:\/\/elektriktourist.hu\/\",\"logo\":{\"@type\":\"ImageObject\",\"inLanguage\":\"en-US\",\"@id\":\"http:\/\/elektriktourist.hu\/#\/schema\/logo\/image\/\",\"url\":\"https:\/\/elektriktourist.hu\/wp-content\/uploads\/2025\/03\/Elektrik-tourist-transp.png\",\"contentUrl\":\"https:\/\/elektriktourist.hu\/wp-content\/uploads\/2025\/03\/Elektrik-tourist-transp.png\",\"width\":353,\"height\":354,\"caption\":\"elektriktourist.hu\"},\"image\":{\"@id\":\"http:\/\/elektriktourist.hu\/#\/schema\/logo\/image\/\"},\"sameAs\":[\"https:\/\/www.facebook.com\/elektriktourist\"]}]}<\/script>\n<!-- \/ Yoast SEO plugin. -->","yoast_head_json":{"title":"Befogad\u00f3t\u00e9r \u00e9s elvonul\u00f3hely - elektriktourist.hu","robots":{"index":"index","follow":"follow","max-snippet":"max-snippet:-1","max-image-preview":"max-image-preview:large","max-video-preview":"max-video-preview:-1"},"canonical":"https:\/\/elektriktourist.hu\/en\/befogadoter-es-elvonulohely\/","og_locale":"en_US","og_type":"article","og_title":"Befogad\u00f3t\u00e9r \u00e9s elvonul\u00f3hely - elektriktourist.hu","og_description":"K\u00f6z\u00f6ss\u00e9g\u00fcnk \u00f6t \u00e9ve fejleszti a h\u00e1zat \u00e9s az azt k\u00f6r\u00fcl\u00f6lel\u0151 tereket, ezalatt sz\u00e1mtalan rendezv\u00e9ny, elvonul\u00e1s, \u00f6nk\u00e9ntesprogram \u00e9s koncert zajlott le benn\u00fck. Ezek a tapasztalatok seg\u00edts\u00e9g\u00e9vel nap mint nap igyeksz\u00fcnk a term\u00e9szetk\u00f6zelis\u00e9g var\u00e1zs\u00e1t \u00e9s az otthon meleg\u00e9t vend\u00e9geinknek is \u00e1tadni. Van egy t\u00e9m\u00e1d, ami ak\u00e1r m\u00e9g a tudatoss\u00e1ghoz is kapcsol\u00f3dik? Seg\u00edt\u00fcnk megszervezni az \u00f6nfejleszt\u00e9s, j\u00f3ga, medit\u00e1ci\u00f3, [&hellip;]","og_url":"https:\/\/elektriktourist.hu\/en\/befogadoter-es-elvonulohely\/","og_site_name":"elektriktourist.hu","article_publisher":"https:\/\/www.facebook.com\/elektriktourist","article_modified_time":"2024-12-04T18:40:05+00:00","og_image":[{"url":"http:\/\/elektriktourist.hu\/wp-content\/uploads\/2024\/11\/20241117_104615s-876x1024.jpg","type":"","width":"","height":""}],"twitter_card":"summary_large_image","twitter_misc":{"Est. reading time":"1 minute"},"schema":{"@context":"https:\/\/schema.org","@graph":[{"@type":"WebPage","@id":"http:\/\/elektriktourist.hu\/befogadoter-es-elvonulohely\/","url":"http:\/\/elektriktourist.hu\/befogadoter-es-elvonulohely\/","name":"Befogad\u00f3t\u00e9r \u00e9s elvonul\u00f3hely - elektriktourist.hu","isPartOf":{"@id":"http:\/\/elektriktourist.hu\/#website"},"primaryImageOfPage":{"@id":"http:\/\/elektriktourist.hu\/befogadoter-es-elvonulohely\/#primaryimage"},"image":{"@id":"http:\/\/elektriktourist.hu\/befogadoter-es-elvonulohely\/#primaryimage"},"thumbnailUrl":"http:\/\/elektriktourist.hu\/wp-content\/uploads\/2024\/11\/20241117_104615s-876x1024.jpg","datePublished":"2024-05-05T12:02:33+00:00","dateModified":"2024-12-04T18:40:05+00:00","breadcrumb":{"@id":"http:\/\/elektriktourist.hu\/befogadoter-es-elvonulohely\/#breadcrumb"},"inLanguage":"en-US","potentialAction":[{"@type":"ReadAction","target":["http:\/\/elektriktourist.hu\/befogadoter-es-elvonulohely\/"]}]},{"@type":"ImageObject","inLanguage":"en-US","@id":"http:\/\/elektriktourist.hu\/befogadoter-es-elvonulohely\/#primaryimage","url":"http:\/\/elektriktourist.hu\/wp-content\/uploads\/2024\/11\/20241117_104615s-876x1024.jpg","contentUrl":"http:\/\/elektriktourist.hu\/wp-content\/uploads\/2024\/11\/20241117_104615s-876x1024.jpg"},{"@type":"BreadcrumbList","@id":"http:\/\/elektriktourist.hu\/befogadoter-es-elvonulohely\/#breadcrumb","itemListElement":[{"@type":"ListItem","position":1,"name":"Kezd\u0151lap","item":"http:\/\/elektriktourist.hu\/"},{"@type":"ListItem","position":2,"name":"Befogad\u00f3t\u00e9r \u00e9s elvonul\u00f3hely"}]},{"@type":"WebSite","@id":"http:\/\/elektriktourist.hu\/#website","url":"http:\/\/elektriktourist.hu\/","name":"elektriktourist.hu","description":"","publisher":{"@id":"http:\/\/elektriktourist.hu\/#organization"},"potentialAction":[{"@type":"SearchAction","target":{"@type":"EntryPoint","urlTemplate":"http:\/\/elektriktourist.hu\/?s={search_term_string}"},"query-input":{"@type":"PropertyValueSpecification","valueRequired":true,"valueName":"search_term_string"}}],"inLanguage":"en-US"},{"@type":"Organization","@id":"http:\/\/elektriktourist.hu\/#organization","name":"elektriktourist.hu","url":"http:\/\/elektriktourist.hu\/","logo":{"@type":"ImageObject","inLanguage":"en-US","@id":"http:\/\/elektriktourist.hu\/#\/schema\/logo\/image\/","url":"https:\/\/elektriktourist.hu\/wp-content\/uploads\/2025\/03\/Elektrik-tourist-transp.png","contentUrl":"https:\/\/elektriktourist.hu\/wp-content\/uploads\/2025\/03\/Elektrik-tourist-transp.png","width":353,"height":354,"caption":"elektriktourist.hu"},"image":{"@id":"http:\/\/elektriktourist.hu\/#\/schema\/logo\/image\/"},"sameAs":["https:\/\/www.facebook.com\/elektriktourist"]}]}},"uagb_featured_image_src":{"full":false,"thumbnail":false,"medium":false,"medium_large":false,"large":false,"1536x1536":false,"2048x2048":false,"trp-custom-language-flag":false},"uagb_author_info":{"display_name":"Faltay L\u00e1szl\u00f3","author_link":"https:\/\/elektriktourist.hu\/en\/author\/bajotimenedek\/"},"uagb_comment_info":0,"uagb_excerpt":"K\u00f6z\u00f6ss\u00e9g\u00fcnk \u00f6t \u00e9ve fejleszti a h\u00e1zat \u00e9s az azt k\u00f6r\u00fcl\u00f6lel\u0151 tereket, ezalatt sz\u00e1mtalan rendezv\u00e9ny, elvonul\u00e1s, \u00f6nk\u00e9ntesprogram \u00e9s koncert zajlott le benn\u00fck. Ezek a tapasztalatok seg\u00edts\u00e9g\u00e9vel nap mint nap igyeksz\u00fcnk a term\u00e9szetk\u00f6zelis\u00e9g var\u00e1zs\u00e1t \u00e9s az otthon meleg\u00e9t vend\u00e9geinknek is \u00e1tadni. Van egy t\u00e9m\u00e1d, ami ak\u00e1r m\u00e9g a tudatoss\u00e1ghoz is kapcsol\u00f3dik? Seg\u00edt\u00fcnk megszervezni az \u00f6nfejleszt\u00e9s, j\u00f3ga, medit\u00e1ci\u00f3,&hellip;","_links":{"self":[{"href":"https:\/\/elektriktourist.hu\/en\/wp-json\/wp\/v2\/pages\/1976","targetHints":{"allow":["GET"]}}],"collection":[{"href":"https:\/\/elektriktourist.hu\/en\/wp-json\/wp\/v2\/pages"}],"about":[{"href":"https:\/\/elektriktourist.hu\/en\/wp-json\/wp\/v2\/types\/page"}],"author":[{"embeddable":true,"href":"https:\/\/elektriktourist.hu\/en\/wp-json\/wp\/v2\/users\/2"}],"replies":[{"embeddable":true,"href":"https:\/\/elektriktourist.hu\/en\/wp-json\/wp\/v2\/comments?post=1976"}],"version-history":[{"count":6,"href":"https:\/\/elektriktourist.hu\/en\/wp-json\/wp\/v2\/pages\/1976\/revisions"}],"predecessor-version":[{"id":2483,"href":"https:\/\/elektriktourist.hu\/en\/wp-json\/wp\/v2\/pages\/1976\/revisions\/2483"}],"wp:attachment":[{"href":"https:\/\/elektriktourist.hu\/en\/wp-json\/wp\/v2\/media?parent=1976"}],"curies":[{"name":"wp","href":"https:\/\/api.w.org\/{rel}","templated":true}]}}