{"id":1930,"date":"2024-05-05T09:45:53","date_gmt":"2024-05-05T09:45:53","guid":{"rendered":"https:\/\/elektriktourist.hu\/?page_id=1930"},"modified":"2024-12-03T14:03:07","modified_gmt":"2024-12-03T14:03:07","slug":"vizio-misszio","status":"publish","type":"page","link":"https:\/\/elektriktourist.hu\/en\/vizio-misszio\/","title":{"rendered":"V\u00edzi\u00f3 + Misszi\u00f3"},"content":{"rendered":"<p><\/p>\n\n\n\n<div class=\"wp-block-uagb-container uagb-block-70eec85b alignfull uagb-is-root-container\"><div class=\"uagb-container-inner-blocks-wrap\">\n<div class=\"wp-block-uagb-container uagb-block-444d63fb\">\n<p><strong>V\u00edzi\u00f3<\/strong><\/p>\n\n\n\n<p>A baj\u00f3ti sz\u0151l\u0151hegyen olyan k\u00f6z\u00f6ss\u00e9gben \u00e9l\u00fcnk, amely a term\u00e9szettel \u00f6sszhangban, a lehet\u0151 legmagasabb fok\u00fa \u00f6nell\u00e1t\u00e1sra t\u00f6rekedve, egym\u00e1st seg\u00edtve, a t\u00e1rsadalom hasznos int\u00e9zm\u00e9nyek\u00e9nt, szabadon m\u0171k\u00f6dik. El\u0151seg\u00edtj\u00fck az egy\u00e9nek eg\u00e9szs\u00e9g\u00e9nek meg\u0151rz\u00e9s\u00e9t, testi-lelki-szellemi fejl\u0151d\u00e9s\u00e9t, mik\u00f6zben elfogadjuk, hogy mind k\u00fcl\u00f6nb\u00f6z\u0151 fokon \u00e1llunk a fejl\u0151d\u00e9sben.<\/p>\n<\/div>\n\n\n\n<div class=\"wp-block-uagb-container uagb-block-f3efe414\">\n<p><strong>Misszi\u00f3<\/strong><\/p>\n\n\n\n<p>Misszi\u00f3nk &#8211; \u00e9s egyben Alap\u00edtv\u00e1nyunk c\u00e9lkit\u0171z\u00e9se &#8211; az eg\u00e9szs\u00e9ges, k\u00f6rnyezettudatos, fenntarthat\u00f3 \u00e9letm\u00f3d, a term\u00e9szet tisztelete, megismer\u00e9se \u00e9s megismertet\u00e9se.&nbsp;<\/p>\n<\/div>\n<\/div><\/div>\n\n\n\n<div class=\"wp-block-uagb-container uagb-block-3bc848aa alignfull uagb-is-root-container\"><div class=\"uagb-container-inner-blocks-wrap\">\n<div class=\"wp-block-uagb-container uagb-block-8ea2f0b0\"><\/div>\n<\/div><\/div>\n\n\n\n<p><strong>Testtudatoss\u00e1g<\/strong><\/p>\n\n\n\n<p>A testi eg\u00e9szs\u00e9ghez kapcsol\u00f3d\u00f3 c\u00e9l az eg\u00e9szs\u00e9ges t\u00e1pl\u00e1lkoz\u00e1s, a min\u0151s\u00e9gi pihen\u00e9s \u00e9s a rendszeres testmozg\u00e1s n\u00e9pszer\u0171s\u00edt\u00e9se, reform \u00e9telek el\u0151\u00e1ll\u00edt\u00e1sa, a testtudat n\u00f6vel\u00e9se, az organikus-regenerat\u00edv mez\u0151gazd\u00e1lkod\u00e1s \u00e9s kert\u00e9szked\u00e9s gyakorl\u00e1sa \u00e9s megismertet\u00e9se a t\u00e1rsadalom sz\u00e9lesebb r\u00e9tegeivel. A lelki eg\u00e9szs\u00e9get az Alap\u00edtv\u00e1ny \u00f6nismereti programok szervez\u00e9s\u00e9vel \u00e9s a lelki \u00e9let gyakorl\u00e1s\u00e1ra alkalmas terek l\u00e9trehoz\u00e1sa \u00e9s m\u0171k\u00f6dtet\u00e9se \u00fatj\u00e1n k\u00edv\u00e1nja t\u00e1mogatni.<\/p>\n\n\n\n<p><strong>Fenntarthat\u00f3s\u00e1g<\/strong><\/p>\n\n\n\n<p>A fenntarthat\u00f3s\u00e1g jegy\u00e9ben a fogyaszt\u00e1s cs\u00f6kkent\u00e9se, az \u00fajrahasznos\u00edt\u00e1s kiemelt c\u00e9l. C\u00e9l minden embernek sz\u00e1ll\u00e1st, eg\u00e9szs\u00e9ges t\u00e1pl\u00e1l\u00e9kot \u00e9s a lelki felemelked\u00e9s lehet\u0151s\u00e9g\u00e9t biztos\u00edtani.&nbsp;<\/p>\n\n\n\n<p><strong>Fejl\u0151d\u00e9s<\/strong><\/p>\n\n\n\n<p>A nevel\u00e9si c\u00e9lon bel\u00fcl c\u00e9l kultur\u00e1lis, fejleszt\u0151\/ter\u00e1pi\u00e1s, ifj\u00fas\u00e1gi, \u00f6nk\u00e9ntes programok, el\u0151ad\u00e1sok, t\u00far\u00e1k, t\u00e1borok, tr\u00e9ningek \u00e9s tal\u00e1lkoz\u00f3k szervez\u00e9se \u00e9s ilyen programok sz\u00e1m\u00e1ra helysz\u00edn biztos\u00edt\u00e1sa.<\/p>\n\n\n\n<p><\/p>","protected":false},"excerpt":{"rendered":"<p>V\u00edzi\u00f3 A baj\u00f3ti sz\u0151l\u0151hegyen olyan k\u00f6z\u00f6ss\u00e9gben \u00e9l\u00fcnk, amely a term\u00e9szettel \u00f6sszhangban, a lehet\u0151 legmagasabb fok\u00fa \u00f6nell\u00e1t\u00e1sra t\u00f6rekedve, egym\u00e1st seg\u00edtve, a t\u00e1rsadalom hasznos int\u00e9zm\u00e9nyek\u00e9nt, szabadon m\u0171k\u00f6dik. El\u0151seg\u00edtj\u00fck az egy\u00e9nek eg\u00e9szs\u00e9g\u00e9nek meg\u0151rz\u00e9s\u00e9t, testi-lelki-szellemi fejl\u0151d\u00e9s\u00e9t, mik\u00f6zben elfogadjuk, hogy mind k\u00fcl\u00f6nb\u00f6z\u0151 fokon \u00e1llunk a fejl\u0151d\u00e9sben. Misszi\u00f3 Misszi\u00f3nk &#8211; \u00e9s egyben Alap\u00edtv\u00e1nyunk c\u00e9lkit\u0171z\u00e9se &#8211; az eg\u00e9szs\u00e9ges, k\u00f6rnyezettudatos, fenntarthat\u00f3 \u00e9letm\u00f3d, a [&hellip;]<\/p>","protected":false},"author":2,"featured_media":0,"parent":0,"menu_order":0,"comment_status":"closed","ping_status":"closed","template":"","meta":{"_uag_custom_page_level_css":"","site-sidebar-layout":"default","site-content-layout":"","ast-site-content-layout":"default","site-content-style":"default","site-sidebar-style":"default","ast-global-header-display":"","ast-banner-title-visibility":"","ast-main-header-display":"","ast-hfb-above-header-display":"","ast-hfb-below-header-display":"","ast-hfb-mobile-header-display":"","site-post-title":"","ast-breadcrumbs-content":"","ast-featured-img":"","footer-sml-layout":"","theme-transparent-header-meta":"","adv-header-id-meta":"","stick-header-meta":"","header-above-stick-meta":"","header-main-stick-meta":"","header-below-stick-meta":"","astra-migrate-meta-layouts":"set","ast-page-background-enabled":"default","ast-page-background-meta":{"desktop":{"background-color":"var(--ast-global-color-4)","background-image":"","background-repeat":"repeat","background-position":"center center","background-size":"auto","background-attachment":"scroll","background-type":"","background-media":"","overlay-type":"","overlay-color":"","overlay-gradient":""},"tablet":{"background-color":"","background-image":"","background-repeat":"repeat","background-position":"center center","background-size":"auto","background-attachment":"scroll","background-type":"","background-media":"","overlay-type":"","overlay-color":"","overlay-gradient":""},"mobile":{"background-color":"","background-image":"","background-repeat":"repeat","background-position":"center center","background-size":"auto","background-attachment":"scroll","background-type":"","background-media":"","overlay-type":"","overlay-color":"","overlay-gradient":""}},"ast-content-background-meta":{"desktop":{"background-color":"var(--ast-global-color-5)","background-image":"","background-repeat":"repeat","background-position":"center center","background-size":"auto","background-attachment":"scroll","background-type":"","background-media":"","overlay-type":"","overlay-color":"","overlay-gradient":""},"tablet":{"background-color":"var(--ast-global-color-5)","background-image":"","background-repeat":"repeat","background-position":"center center","background-size":"auto","background-attachment":"scroll","background-type":"","background-media":"","overlay-type":"","overlay-color":"","overlay-gradient":""},"mobile":{"background-color":"var(--ast-global-color-5)","background-image":"","background-repeat":"repeat","background-position":"center center","background-size":"auto","background-attachment":"scroll","background-type":"","background-media":"","overlay-type":"","overlay-color":"","overlay-gradient":""}},"footnotes":""},"class_list":["post-1930","page","type-page","status-publish","hentry"],"yoast_head":"<!-- This site is optimized with the Yoast SEO plugin v24.9 - https:\/\/yoast.com\/wordpress\/plugins\/seo\/ -->\n<title>V\u00edzi\u00f3 + Misszi\u00f3 - elektriktourist.hu<\/title>\n<meta name=\"robots\" content=\"index, follow, max-snippet:-1, max-image-preview:large, max-video-preview:-1\" \/>\n<link rel=\"canonical\" href=\"https:\/\/elektriktourist.hu\/en\/vizio-misszio\/\" \/>\n<meta property=\"og:locale\" content=\"en_US\" \/>\n<meta property=\"og:type\" content=\"article\" \/>\n<meta property=\"og:title\" content=\"V\u00edzi\u00f3 + Misszi\u00f3 - elektriktourist.hu\" \/>\n<meta property=\"og:description\" content=\"V\u00edzi\u00f3 A baj\u00f3ti sz\u0151l\u0151hegyen olyan k\u00f6z\u00f6ss\u00e9gben \u00e9l\u00fcnk, amely a term\u00e9szettel \u00f6sszhangban, a lehet\u0151 legmagasabb fok\u00fa \u00f6nell\u00e1t\u00e1sra t\u00f6rekedve, egym\u00e1st seg\u00edtve, a t\u00e1rsadalom hasznos int\u00e9zm\u00e9nyek\u00e9nt, szabadon m\u0171k\u00f6dik. El\u0151seg\u00edtj\u00fck az egy\u00e9nek eg\u00e9szs\u00e9g\u00e9nek meg\u0151rz\u00e9s\u00e9t, testi-lelki-szellemi fejl\u0151d\u00e9s\u00e9t, mik\u00f6zben elfogadjuk, hogy mind k\u00fcl\u00f6nb\u00f6z\u0151 fokon \u00e1llunk a fejl\u0151d\u00e9sben. Misszi\u00f3 Misszi\u00f3nk &#8211; \u00e9s egyben Alap\u00edtv\u00e1nyunk c\u00e9lkit\u0171z\u00e9se &#8211; az eg\u00e9szs\u00e9ges, k\u00f6rnyezettudatos, fenntarthat\u00f3 \u00e9letm\u00f3d, a [&hellip;]\" \/>\n<meta property=\"og:url\" content=\"https:\/\/elektriktourist.hu\/en\/vizio-misszio\/\" \/>\n<meta property=\"og:site_name\" content=\"elektriktourist.hu\" \/>\n<meta property=\"article:publisher\" content=\"https:\/\/www.facebook.com\/elektriktourist\" \/>\n<meta property=\"article:modified_time\" content=\"2024-12-03T14:03:07+00:00\" \/>\n<meta name=\"twitter:card\" content=\"summary_large_image\" \/>\n<meta name=\"twitter:label1\" content=\"Est. reading time\" \/>\n\t<meta name=\"twitter:data1\" content=\"2 minutes\" \/>\n<script type=\"application\/ld+json\" class=\"yoast-schema-graph\">{\"@context\":\"https:\/\/schema.org\",\"@graph\":[{\"@type\":\"WebPage\",\"@id\":\"http:\/\/elektriktourist.hu\/vizio-misszio\/\",\"url\":\"http:\/\/elektriktourist.hu\/vizio-misszio\/\",\"name\":\"V\u00edzi\u00f3 + Misszi\u00f3 - elektriktourist.hu\",\"isPartOf\":{\"@id\":\"http:\/\/elektriktourist.hu\/#website\"},\"datePublished\":\"2024-05-05T09:45:53+00:00\",\"dateModified\":\"2024-12-03T14:03:07+00:00\",\"breadcrumb\":{\"@id\":\"http:\/\/elektriktourist.hu\/vizio-misszio\/#breadcrumb\"},\"inLanguage\":\"en-US\",\"potentialAction\":[{\"@type\":\"ReadAction\",\"target\":[\"http:\/\/elektriktourist.hu\/vizio-misszio\/\"]}]},{\"@type\":\"BreadcrumbList\",\"@id\":\"http:\/\/elektriktourist.hu\/vizio-misszio\/#breadcrumb\",\"itemListElement\":[{\"@type\":\"ListItem\",\"position\":1,\"name\":\"Kezd\u0151lap\",\"item\":\"http:\/\/elektriktourist.hu\/\"},{\"@type\":\"ListItem\",\"position\":2,\"name\":\"V\u00edzi\u00f3 + Misszi\u00f3\"}]},{\"@type\":\"WebSite\",\"@id\":\"http:\/\/elektriktourist.hu\/#website\",\"url\":\"http:\/\/elektriktourist.hu\/\",\"name\":\"elektriktourist.hu\",\"description\":\"\",\"publisher\":{\"@id\":\"http:\/\/elektriktourist.hu\/#organization\"},\"potentialAction\":[{\"@type\":\"SearchAction\",\"target\":{\"@type\":\"EntryPoint\",\"urlTemplate\":\"http:\/\/elektriktourist.hu\/?s={search_term_string}\"},\"query-input\":{\"@type\":\"PropertyValueSpecification\",\"valueRequired\":true,\"valueName\":\"search_term_string\"}}],\"inLanguage\":\"en-US\"},{\"@type\":\"Organization\",\"@id\":\"http:\/\/elektriktourist.hu\/#organization\",\"name\":\"elektriktourist.hu\",\"url\":\"http:\/\/elektriktourist.hu\/\",\"logo\":{\"@type\":\"ImageObject\",\"inLanguage\":\"en-US\",\"@id\":\"http:\/\/elektriktourist.hu\/#\/schema\/logo\/image\/\",\"url\":\"https:\/\/elektriktourist.hu\/wp-content\/uploads\/2025\/03\/Elektrik-tourist-transp.png\",\"contentUrl\":\"https:\/\/elektriktourist.hu\/wp-content\/uploads\/2025\/03\/Elektrik-tourist-transp.png\",\"width\":353,\"height\":354,\"caption\":\"elektriktourist.hu\"},\"image\":{\"@id\":\"http:\/\/elektriktourist.hu\/#\/schema\/logo\/image\/\"},\"sameAs\":[\"https:\/\/www.facebook.com\/elektriktourist\"]}]}<\/script>\n<!-- \/ Yoast SEO plugin. -->","yoast_head_json":{"title":"V\u00edzi\u00f3 + Misszi\u00f3 - elektriktourist.hu","robots":{"index":"index","follow":"follow","max-snippet":"max-snippet:-1","max-image-preview":"max-image-preview:large","max-video-preview":"max-video-preview:-1"},"canonical":"https:\/\/elektriktourist.hu\/en\/vizio-misszio\/","og_locale":"en_US","og_type":"article","og_title":"V\u00edzi\u00f3 + Misszi\u00f3 - elektriktourist.hu","og_description":"V\u00edzi\u00f3 A baj\u00f3ti sz\u0151l\u0151hegyen olyan k\u00f6z\u00f6ss\u00e9gben \u00e9l\u00fcnk, amely a term\u00e9szettel \u00f6sszhangban, a lehet\u0151 legmagasabb fok\u00fa \u00f6nell\u00e1t\u00e1sra t\u00f6rekedve, egym\u00e1st seg\u00edtve, a t\u00e1rsadalom hasznos int\u00e9zm\u00e9nyek\u00e9nt, szabadon m\u0171k\u00f6dik. El\u0151seg\u00edtj\u00fck az egy\u00e9nek eg\u00e9szs\u00e9g\u00e9nek meg\u0151rz\u00e9s\u00e9t, testi-lelki-szellemi fejl\u0151d\u00e9s\u00e9t, mik\u00f6zben elfogadjuk, hogy mind k\u00fcl\u00f6nb\u00f6z\u0151 fokon \u00e1llunk a fejl\u0151d\u00e9sben. Misszi\u00f3 Misszi\u00f3nk &#8211; \u00e9s egyben Alap\u00edtv\u00e1nyunk c\u00e9lkit\u0171z\u00e9se &#8211; az eg\u00e9szs\u00e9ges, k\u00f6rnyezettudatos, fenntarthat\u00f3 \u00e9letm\u00f3d, a [&hellip;]","og_url":"https:\/\/elektriktourist.hu\/en\/vizio-misszio\/","og_site_name":"elektriktourist.hu","article_publisher":"https:\/\/www.facebook.com\/elektriktourist","article_modified_time":"2024-12-03T14:03:07+00:00","twitter_card":"summary_large_image","twitter_misc":{"Est. reading time":"2 minutes"},"schema":{"@context":"https:\/\/schema.org","@graph":[{"@type":"WebPage","@id":"http:\/\/elektriktourist.hu\/vizio-misszio\/","url":"http:\/\/elektriktourist.hu\/vizio-misszio\/","name":"V\u00edzi\u00f3 + Misszi\u00f3 - elektriktourist.hu","isPartOf":{"@id":"http:\/\/elektriktourist.hu\/#website"},"datePublished":"2024-05-05T09:45:53+00:00","dateModified":"2024-12-03T14:03:07+00:00","breadcrumb":{"@id":"http:\/\/elektriktourist.hu\/vizio-misszio\/#breadcrumb"},"inLanguage":"en-US","potentialAction":[{"@type":"ReadAction","target":["http:\/\/elektriktourist.hu\/vizio-misszio\/"]}]},{"@type":"BreadcrumbList","@id":"http:\/\/elektriktourist.hu\/vizio-misszio\/#breadcrumb","itemListElement":[{"@type":"ListItem","position":1,"name":"Kezd\u0151lap","item":"http:\/\/elektriktourist.hu\/"},{"@type":"ListItem","position":2,"name":"V\u00edzi\u00f3 + Misszi\u00f3"}]},{"@type":"WebSite","@id":"http:\/\/elektriktourist.hu\/#website","url":"http:\/\/elektriktourist.hu\/","name":"elektriktourist.hu","description":"","publisher":{"@id":"http:\/\/elektriktourist.hu\/#organization"},"potentialAction":[{"@type":"SearchAction","target":{"@type":"EntryPoint","urlTemplate":"http:\/\/elektriktourist.hu\/?s={search_term_string}"},"query-input":{"@type":"PropertyValueSpecification","valueRequired":true,"valueName":"search_term_string"}}],"inLanguage":"en-US"},{"@type":"Organization","@id":"http:\/\/elektriktourist.hu\/#organization","name":"elektriktourist.hu","url":"http:\/\/elektriktourist.hu\/","logo":{"@type":"ImageObject","inLanguage":"en-US","@id":"http:\/\/elektriktourist.hu\/#\/schema\/logo\/image\/","url":"https:\/\/elektriktourist.hu\/wp-content\/uploads\/2025\/03\/Elektrik-tourist-transp.png","contentUrl":"https:\/\/elektriktourist.hu\/wp-content\/uploads\/2025\/03\/Elektrik-tourist-transp.png","width":353,"height":354,"caption":"elektriktourist.hu"},"image":{"@id":"http:\/\/elektriktourist.hu\/#\/schema\/logo\/image\/"},"sameAs":["https:\/\/www.facebook.com\/elektriktourist"]}]}},"uagb_featured_image_src":{"full":false,"thumbnail":false,"medium":false,"medium_large":false,"large":false,"1536x1536":false,"2048x2048":false,"trp-custom-language-flag":false},"uagb_author_info":{"display_name":"Faltay L\u00e1szl\u00f3","author_link":"https:\/\/elektriktourist.hu\/en\/author\/bajotimenedek\/"},"uagb_comment_info":0,"uagb_excerpt":"V\u00edzi\u00f3 A baj\u00f3ti sz\u0151l\u0151hegyen olyan k\u00f6z\u00f6ss\u00e9gben \u00e9l\u00fcnk, amely a term\u00e9szettel \u00f6sszhangban, a lehet\u0151 legmagasabb fok\u00fa \u00f6nell\u00e1t\u00e1sra t\u00f6rekedve, egym\u00e1st seg\u00edtve, a t\u00e1rsadalom hasznos int\u00e9zm\u00e9nyek\u00e9nt, szabadon m\u0171k\u00f6dik. El\u0151seg\u00edtj\u00fck az egy\u00e9nek eg\u00e9szs\u00e9g\u00e9nek meg\u0151rz\u00e9s\u00e9t, testi-lelki-szellemi fejl\u0151d\u00e9s\u00e9t, mik\u00f6zben elfogadjuk, hogy mind k\u00fcl\u00f6nb\u00f6z\u0151 fokon \u00e1llunk a fejl\u0151d\u00e9sben. Misszi\u00f3 Misszi\u00f3nk &#8211; \u00e9s egyben Alap\u00edtv\u00e1nyunk c\u00e9lkit\u0171z\u00e9se &#8211; az eg\u00e9szs\u00e9ges, k\u00f6rnyezettudatos, fenntarthat\u00f3 \u00e9letm\u00f3d, a&hellip;","_links":{"self":[{"href":"https:\/\/elektriktourist.hu\/en\/wp-json\/wp\/v2\/pages\/1930","targetHints":{"allow":["GET"]}}],"collection":[{"href":"https:\/\/elektriktourist.hu\/en\/wp-json\/wp\/v2\/pages"}],"about":[{"href":"https:\/\/elektriktourist.hu\/en\/wp-json\/wp\/v2\/types\/page"}],"author":[{"embeddable":true,"href":"https:\/\/elektriktourist.hu\/en\/wp-json\/wp\/v2\/users\/2"}],"replies":[{"embeddable":true,"href":"https:\/\/elektriktourist.hu\/en\/wp-json\/wp\/v2\/comments?post=1930"}],"version-history":[{"count":3,"href":"https:\/\/elektriktourist.hu\/en\/wp-json\/wp\/v2\/pages\/1930\/revisions"}],"predecessor-version":[{"id":2460,"href":"https:\/\/elektriktourist.hu\/en\/wp-json\/wp\/v2\/pages\/1930\/revisions\/2460"}],"wp:attachment":[{"href":"https:\/\/elektriktourist.hu\/en\/wp-json\/wp\/v2\/media?parent=1930"}],"curies":[{"name":"wp","href":"https:\/\/api.w.org\/{rel}","templated":true}]}}